{"id":734,"date":"2018-12-21T12:45:20","date_gmt":"2018-12-21T14:45:20","guid":{"rendered":"http:\/\/sieniatlas.fi\/?page_id=734"},"modified":"2021-07-23T11:04:24","modified_gmt":"2021-07-23T13:04:24","slug":"sieniatlastapahtumia-2019","status":"publish","type":"page","link":"https:\/\/sieniatlas.fi\/index.php\/sieniatlastapahtumia-2019\/","title":{"rendered":"Sieniatlastapahtumia &#8211; 2019"},"content":{"rendered":"<p>KURIKAN SIENIATLASLEIRI 20.-22.9.2019<\/p>\n<p>Leiri pidet\u00e4\u00e4n <a href=\"https:\/\/www.kurikanseurakunta.fi\/kirkot-ja-tilat\/leirikeskukset\/saukkorannan-leirikeskus\">Saukonrannan leirikeskuksessa<\/a> Kurikassa\u00a0ja se on suunnattu kaikille sieniharrastajille.\u00a0T\u00e4ll\u00e4 leirill\u00e4 p\u00e4\u00e4set syventym\u00e4\u00e4n sienilajeihin,\u00a0 opettelemaan n\u00e4ytteiden keruuta\u00a0sek\u00e4 havaintojen kirjaamista Sieniatlakseen. Olemme paljon luonnossa, joten leiri ei sovi heikkokuntoisille. Leirin vet\u00e4jin\u00e4 toimivat Panu Halme ja Kaisa Tervonen. Kerro ilmoittautuessasi omasta sieniharrastustaustastasi. Leirille otetaan 20 harrastajaa. Sitovat ilmoittautumiset 30.8. menness\u00e4. Lis\u00e4tiedot ja ilmoittautumiset: mieluiten s-postilla kaisa.i.tervonen@jyu.fi, puh. 050 5942478. <a href=\"http:\/\/sieniatlas.fi\/index.php\/tervetuloa-sieniatlasleirille-kurikkaan-20-22-9-2019\/\">Lis\u00e4tietoa Kurikan leirist\u00e4.<\/a><\/p>\n<p>PORIN SIENIATLASLEIRI 27.-29.9.2019<\/p>\n<p>Sieniatlasleiri j\u00e4rjestet\u00e4\u00e4n Porissa Junnilan leirikeskuksessa. Leirill\u00e4 keskityt\u00e4\u00e4n p\u00e4\u00e4asiassa k\u00e4\u00e4v\u00e4kk\u00e4isiin, mutta helttasieni\u00e4k\u00e4\u00e4n ei unohdeta. Valittuja kohteita kartoitetaan, lajeja kirjataan muistiin ja n\u00e4ytteit\u00e4 ker\u00e4t\u00e4\u00e4n my\u00f6hemp\u00e4\u00e4 m\u00e4\u00e4rityst\u00e4 varten. Sinulla ei tarvitse olla aiempaa kokemusta sienist\u00e4, voit aloittaa Sieniatlas-harrastuksen t\u00e4ll\u00e4 leirill\u00e4.<\/p>\n<p>Leirin vet\u00e4jin\u00e4 ovat Matti Kulju (k\u00e4\u00e4v\u00e4kk\u00e4\u00e4t), Teppo Helo (k\u00e4\u00e4v\u00e4kk\u00e4\u00e4t ym.) ja Mika Toivonen (helttasienet). Kohteina ovat merenrannat ja suistoalueen rantamets\u00e4t.<\/p>\n<p>Ilmoittautumiset Matti Kuljulle, mielell\u00e4\u00e4n s\u00e4hk\u00f6postilla m.kulju@kolumbus.fi. Ilmoittaudu ajoissa, jotta varmistat mukaan mahtumisen, kuitenkin viimeist\u00e4\u00e4n 26.8.2019. <a href=\"http:\/\/sieniatlas.fi\/index.php\/tervetuloa-sieniatlasleirille-poriin-27-29-9-2019\/\">Lis\u00e4tietoa Porin leirist\u00e4.<\/a><\/p>\n<p>JYV\u00c4SKYL\u00c4N SIENIATLASRETKI 9.10.2019<\/p>\n<p>Sieniatlas j\u00e4rjest\u00e4\u00e4 keskiviikkona 9.10.2019 klo 15.30-18.00 kaikille avoimen retken Jyv\u00e4skyl\u00e4n J\u00e4\u00e4skel\u00e4\u00e4n. Opettelemme yhdess\u00e4 sienihavaintojen kirjaamista sieniatlaslomakkeella ja tunnistamaan sienilajeja. Ota retkelle mukaan kamera, jolla voit ottaa sienihavainnoista tunnistuskuvia. Lis\u00e4ksi tarvitset sienikorin, muistiinpanov\u00e4lineet ja s\u00e4\u00e4nmukaiset varusteet. Voit halutessasi kirjata havaintoja suoraan maastossa, jos sinulla on \u00e4lypuhelin (t\u00e4ss\u00e4 tapauksessa rekister\u00f6idy osoitteessa laji.fi), tai my\u00f6hemmin\u00a0tietokoneellasi.\u00a0Tavataan J\u00e4\u00e4skel\u00e4n luontopolun l\u00e4ht\u00f6paikan viereisell\u00e4 P-paikalla. Ei ennakkoilmoittautumista. Jos tarvitset kyydin tai voit tarjota kyydin, ilmoita siit\u00e4 oppaalle. Oppaana: Kaisa Tervonen, kaisa.i.tervonen ( at ) jyu.fi, puh. 050 5942478.<\/p>\n<p><b>SIENIMIKROSKOPOINTITY\u00d6PAJA TURUSSA 19<\/b><b>.-20.1.2019\u00a0<\/b><\/p>\n<p>Ty\u00f6paja j\u00e4rjestet\u00e4\u00e4n Turun yliopiston Kasvimuseolla (Yliopistonm\u00e4ell\u00e4) 19.-20.1.2019. Tilaa on noin 20:lle sieniatlas-harrastajalle. T\u00e4m\u00e4 ty\u00f6paja on suunnattu ensisijaisesti niille harrastajille, joilla on omia n\u00e4ytteit\u00e4 ja oma mikroskooppi.<\/p>\n<p>Paikalla opastamassa ja auttamassa m\u00e4\u00e4ritysty\u00f6ss\u00e4 on sek\u00e4 k\u00e4\u00e4v\u00e4k\u00e4s-, helttasieni- ett\u00e4 kotelosieniasiantuntijoita. Olemme museolla kahdessa kerroksessa, alakerrassa on k\u00e4\u00e4p\u00e4osasto, asiantuntijana opastamassa Matti Kulju. Yl\u00e4kerroksessa on helttasieni- ja kotelosieniopastusta, paikalla ovat Mika Toivonen ja Seppo Huhtinen.<\/p>\n<p>Ty\u00f6paja on lauantaina klo 10-18 ja sunnuntaina klo 10-16. Paja on osallistujille ilmainen. Omat n\u00e4ytteet mukaan!<\/p>\n<p>Ilmoittautumiset Mika Toivoselle mijuto@utu.fi, jolta voit my\u00f6s kysy\u00e4 lis\u00e4tietoa.<\/p>\n<p><b>SIENIMIKROSKOPOINTIKURSSI JYV\u00c4SKYL\u00c4SS\u00c4 16<\/b><b>.-17.2.2019\u00a0<\/b><\/p>\n<p>Kurssi j\u00e4rjestet\u00e4\u00e4n Jyv\u00e4skyl\u00e4ss\u00e4 Keski-Suomen luontomuseolla (Vesilinna, Ihantolantie 5). Mikroskopointikurssille ovat tervetulleita kaikki sienist\u00e4 kiinnostuneet harrastajat. Kurssilla tutustumme sienimikroskopian perusteisiin: leikkeen teko, erilaiset reagenssit, mikroskoopin k\u00e4ytt\u00f6, m\u00e4\u00e4rityskirjallisuus jne. Voit tuoda mukaasi my\u00f6s omia n\u00e4ytteit\u00e4. Kurssia on lauantaina klo 10-18 ja sunnuntaina klo 9-15. Kurssi on osallistujille ilmainen.<\/p>\n<p>Kurssin vet\u00e4jin\u00e4 toimivat Kaisa Tervonen ja Mika Toivonen. Lis\u00e4tiedot ja ilmoittautumiset: kaisa.i.tervonen (et) jyu.fi. Kurssille mahtuu 10 harrastajaa. Kurssilaisille on varattu mikroskoopit, mutta voit my\u00f6s tuoda oman mikroskoopin mukanasi. Sitovat ilmoittautumiset 8.2. menness\u00e4.<\/p>\n<p><strong>SIENIMIKROSKOPIAKURSSI Konneveden tutkimusasemalla 9.\u201311.4.2019<\/strong><\/p>\n<p>Sieniatlas j\u00e4rjest\u00e4\u00e4 9.\u201311.4. sienimikroskopiakurssin Konneveden tutkimusasemalla (Sirkkam\u00e4entie 220, Konnevesi). Teemana kurssilla on <em>Cortinarius<\/em>-suvun <em>Phlegmacium<\/em>-alasuku (tahmaseitikit) sek\u00e4 <em>Galerina<\/em>-suku (n\u00e4\u00e4pik\u00e4t). Kurssi on suunnattu harrastajille joilla on k\u00e4yt\u00f6ss\u00e4\u00e4n oma mikroskooppi. Voit tuoda kurssille my\u00f6s omia n\u00e4ytteit\u00e4. Kurssin vet\u00e4j\u00e4n\u00e4 toimivat Mika Toivonen ja Kaisa Tervonen.<\/p>\n<p>Kurssi alkaa tiistaina 9.4. klo 14 ja p\u00e4\u00e4ttyy torstaina 11.4. klo 17. Kurssin j\u00e4lkeen 11.\u201314.4. j\u00e4rjestet\u00e4\u00e4n opiskelijoille ja kokeneille harrastajille sienisystematiikan ty\u00f6paja, jolle kurssilaiset voivat halutessaan samalla ilmoittautua. Ty\u00f6pajassa syvennyt\u00e4\u00e4n sienimikroskopiaan itsen\u00e4isesti sek\u00e4 opitaan uutta sienilajistosta ja tutkimuksesta esityksi\u00e4 kuunnellen.<\/p>\n<p>Kurssille mahtuu 8 harrastajaa. Majoitushinnat ovat: 20 \u20ac \/ y\u00f6 + 10 \u20ac (vuodevaatteet + pyyhe, pakolliset). Majoitus on 2-hengen huoneissa. Ruokailujen hinnat: aamiainen 5 \u20ac(arkisin) \/ 6 \u20ac (viikonloppuisin), lounas 6 \/ 8 \u20ac, p\u00e4iv\u00e4llinen 8 \/ 10 \u20ac. Majoitustiloissa on keitti\u00f6t omaa ruuanlaittoa varten. Lis\u00e4tiedot ja ilmoittautumiset kurssille ja ty\u00f6pajaan: kaisa.i.tervonen (at) jyu.fi. Ilmoittautumiset 22.3. menness\u00e4. Ilmoittautuminen on sitova.<\/p>\n<p>&nbsp;<\/p>\n","protected":false},"excerpt":{"rendered":"<p>KURIKAN SIENIATLASLEIRI 20.-22.9.2019 Leiri pidet\u00e4\u00e4n Saukonrannan leirikeskuksessa Kurikassa\u00a0ja se on suunnattu kaikille sieniharrastajille.\u00a0T\u00e4ll\u00e4 leirill\u00e4 p\u00e4\u00e4set syventym\u00e4\u00e4n sienilajeihin,\u00a0 opettelemaan n\u00e4ytteiden keruuta\u00a0sek\u00e4 <span class=\"more-text\">&hellip;<\/span><\/p>\n","protected":false},"author":2,"featured_media":0,"parent":0,"menu_order":0,"comment_status":"closed","ping_status":"closed","template":"","meta":[],"_links":{"self":[{"href":"https:\/\/sieniatlas.fi\/index.php\/wp-json\/wp\/v2\/pages\/734"}],"collection":[{"href":"https:\/\/sieniatlas.fi\/index.php\/wp-json\/wp\/v2\/pages"}],"about":[{"href":"https:\/\/sieniatlas.fi\/index.php\/wp-json\/wp\/v2\/types\/page"}],"author":[{"embeddable":true,"href":"https:\/\/sieniatlas.fi\/index.php\/wp-json\/wp\/v2\/users\/2"}],"replies":[{"embeddable":true,"href":"https:\/\/sieniatlas.fi\/index.php\/wp-json\/wp\/v2\/comments?post=734"}],"version-history":[{"count":7,"href":"https:\/\/sieniatlas.fi\/index.php\/wp-json\/wp\/v2\/pages\/734\/revisions"}],"predecessor-version":[{"id":3807,"href":"https:\/\/sieniatlas.fi\/index.php\/wp-json\/wp\/v2\/pages\/734\/revisions\/3807"}],"wp:attachment":[{"href":"https:\/\/sieniatlas.fi\/index.php\/wp-json\/wp\/v2\/media?parent=734"}],"curies":[{"name":"wp","href":"https:\/\/api.w.org\/{rel}","templated":true}]}}